{"id":35133,"date":"2017-10-30T10:09:25","date_gmt":"2017-10-30T09:09:25","guid":{"rendered":"https:\/\/tourduvalat.org\/media\/ressources-videos\/"},"modified":"2021-10-07T15:08:07","modified_gmt":"2021-10-07T13:08:07","slug":"ressources-videos","status":"publish","type":"page","link":"https:\/\/tourduvalat.org\/en\/media\/ressources-videos\/","title":{"rendered":"Video media"},"content":{"rendered":"<div id=\"jig1\" class=\"justified-image-grid jig-faa16b6f6268fb66bff555e53d39f4eb jig-preset-c2 jig-source-rss\"><div class=\"jig-clearfix\"><\/div><noscript id=\"jig1-html\" class=\"justified-image-grid-html\" data-lazy-src=\"skiplazyload\" data-src=\"skipunveillazyload\"><ul><li><a href=\"https:\/\/vimeo.com\/1151909272\"><img loading=\"lazy\" decoding=\"async\" src=\"https:\/\/tourduvalat.org\/wp-content\/plugins\/justified-image-grid\/timthumb.php?src=https%3A%2F%2Fi.vimeocdn.com%2Fvideo%2F2103270389-8a738d30f6158c4eeffb649db36e7182fb841522b3a49579ad89cfd2df685c29-d.jpg&h=280&w=404&q=90&f=.jpg\" alt=\"COLAGANG - 4 ans d&#039;enqu\u00eate sur les anguilles de Camargue\" width=\"404\" height=\"280\" \/><\/a><p class=\"jig-HTMLdescription\">COLAGANG - 4 ans d&#039;enqu\u00eate sur les anguilles de Camargue<\/p><\/li><li><a href=\"https:\/\/vimeo.com\/1097881652\"><img loading=\"lazy\" decoding=\"async\" src=\"https:\/\/tourduvalat.org\/wp-content\/plugins\/justified-image-grid\/timthumb.php?src=https%3A%2F%2Fi.vimeocdn.com%2Fvideo%2F2032333653-02fd09f051d92edfb1c8cfc567ac69cefe2715b2d95236e8c21d3cb66f83f9ed-d.jpg&h=280&w=404&q=90&f=.jpg\" alt=\"MOOC Ressource 2025 - Teaser 1\" width=\"404\" height=\"280\" \/><\/a><p class=\"jig-HTMLdescription\">MOOC Ressource 2025 - Teaser 1<\/p><\/li><li><a href=\"https:\/\/vimeo.com\/1097881517\"><img loading=\"lazy\" decoding=\"async\" src=\"https:\/\/tourduvalat.org\/wp-content\/plugins\/justified-image-grid\/timthumb.php?src=https%3A%2F%2Fi.vimeocdn.com%2Fvideo%2F2032333187-e6e1641ad682193efa6815e3fbf930a898f26fa1d0a49df7334b6dac58937448-d.jpg&h=280&w=404&q=90&f=.jpg\" alt=\"MOOC Ressource 2025 - Teaser 2\" width=\"404\" height=\"280\" \/><\/a><p class=\"jig-HTMLdescription\">MOOC Ressource 2025 - Teaser 2<\/p><\/li><li><a href=\"https:\/\/vimeo.com\/1097800634\"><img loading=\"lazy\" decoding=\"async\" src=\"https:\/\/tourduvalat.org\/wp-content\/plugins\/justified-image-grid\/timthumb.php?src=https%3A%2F%2Fi.vimeocdn.com%2Fvideo%2F2032235836-11bf8457c7d8fa1e5009a132468afd818161afe7af58079b738be2319e1d8d1b-d.jpg&h=280&w=404&q=90&f=.jpg\" alt=\"RETOURS DU TERRAIN TOUR DU VALAT \/ Printemps 2025\" width=\"404\" height=\"280\" \/><\/a><p class=\"jig-HTMLdescription\">RETOURS DU TERRAIN TOUR DU VALAT \/ Printemps 2025<\/p><\/li><li><a href=\"https:\/\/vimeo.com\/1086033387\"><img loading=\"lazy\" decoding=\"async\" src=\"https:\/\/tourduvalat.org\/wp-content\/plugins\/justified-image-grid\/timthumb.php?src=https%3A%2F%2Fi.vimeocdn.com%2Fvideo%2F2017718825-58702b34963f24865b8a218ee76689775d90741a71d184dfb42f0f8ef9a13a6a-d.jpg&h=280&w=404&q=90&f=.jpg\" alt=\"Colonie mai 2025 - Couv\u00e9e sous la pluie\" width=\"404\" height=\"280\" \/><\/a><p class=\"jig-HTMLdescription\">Colonie mai 2025 - Couv\u00e9e sous la pluie<\/p><\/li><li><a href=\"https:\/\/vimeo.com\/1085973207\"><img loading=\"lazy\" decoding=\"async\" src=\"https:\/\/tourduvalat.org\/wp-content\/plugins\/justified-image-grid\/timthumb.php?src=https%3A%2F%2Fi.vimeocdn.com%2Fvideo%2F2017646009-aab57fffd2e94caf5bb06dc52cbc2f3c1693891953cfb59d2fceb6c64e556279-d.jpg&h=280&w=404&q=90&f=.jpg\" alt=\"Colonie mai 2025 - Un flamant am\u00e9liore son nid\" width=\"404\" height=\"280\" \/><\/a><p class=\"jig-HTMLdescription\">Colonie mai 2025 - Un flamant am\u00e9liore son nid<\/p><\/li><li><a href=\"https:\/\/vimeo.com\/1085971099\"><img loading=\"lazy\" decoding=\"async\" src=\"https:\/\/tourduvalat.org\/wp-content\/plugins\/justified-image-grid\/timthumb.php?src=https%3A%2F%2Fi.vimeocdn.com%2Fvideo%2F2017642741-69071edd781fb91351af29a504ad21a97d48c8b3f0ca1b8504c575b7ac4c866f-d.jpg&h=280&w=404&q=90&f=.jpg\" alt=\"Colonie mai 2025 - La couv\u00e9e des flamants\" width=\"404\" height=\"280\" \/><\/a><p class=\"jig-HTMLdescription\">Colonie mai 2025 - La couv\u00e9e des flamants<\/p><\/li><li><a href=\"https:\/\/vimeo.com\/1077491584\"><img loading=\"lazy\" decoding=\"async\" src=\"https:\/\/tourduvalat.org\/wp-content\/plugins\/justified-image-grid\/timthumb.php?src=https%3A%2F%2Fi.vimeocdn.com%2Fvideo%2F2007529181-8600b76695a3f6373b73a12ba444972394c96d538df076a4d95618ac43d21621-d.jpg&h=280&w=404&q=90&f=.jpg\" alt=\"Carnets sonores de terrain - Episode 1 - Pascal Contournet sur le canal de Fumemorte\" width=\"404\" height=\"280\" \/><\/a><p class=\"jig-HTMLdescription\">Carnets sonores de terrain - Episode 1 - Pascal Contournet sur le canal de Fumemorte<\/p><\/li><li><a href=\"https:\/\/vimeo.com\/1071681203\"><img loading=\"lazy\" decoding=\"async\" src=\"https:\/\/tourduvalat.org\/wp-content\/plugins\/justified-image-grid\/timthumb.php?src=https%3A%2F%2Fi.vimeocdn.com%2Fvideo%2F2000467586-7f21fafc531a6d22a5583a9dc752f7829351f9197f7318ca7b9e17e7cf4123cf-d.jpg&h=280&w=404&q=90&f=.jpg\" alt=\"Conservation de Leste \u00e0 grands stigmas : de la science \u00e0 la gestion \/ restauration - Philippe Lambret - 06\/03\/2025\" width=\"404\" height=\"280\" \/><\/a><p class=\"jig-HTMLdescription\">Conservation de Leste \u00e0 grands stigmas : de la science \u00e0 la gestion \/ restauration - Philippe Lambret - 06\/03\/2025<\/p><\/li><li><a href=\"https:\/\/vimeo.com\/1056704752\"><img loading=\"lazy\" decoding=\"async\" src=\"https:\/\/tourduvalat.org\/wp-content\/plugins\/justified-image-grid\/timthumb.php?src=https%3A%2F%2Fi.vimeocdn.com%2Fvideo%2F1986622951-fe7ca6bd00e29da0269932c648d774ca71a5900b5e5a02c69e754c36631a8023-d.jpg&h=280&w=404&q=90&f=.jpg\" alt=\"Journ\u00e9e Portes Ouvertes 2025 -  Conf\u00e9rence \u00ab L\u2019anguille europ\u00e9enne en milieu lagunaire m\u00e9diterran\u00e9en \u00bb par Am\u00e9lie Hoste\" width=\"404\" height=\"280\" \/><\/a><p class=\"jig-HTMLdescription\">Journ\u00e9e Portes Ouvertes 2025 -  Conf\u00e9rence \u00ab L\u2019anguille europ\u00e9enne en milieu lagunaire m\u00e9diterran\u00e9en \u00bb par Am\u00e9lie Hoste<\/p><\/li><\/ul><\/noscript><\/div>\n","protected":false},"excerpt":{"rendered":"","protected":false},"author":1,"featured_media":0,"parent":379,"menu_order":7,"comment_status":"closed","ping_status":"closed","template":"","meta":{"_acf_changed":false,"inline_featured_image":false,"_exactmetrics_skip_tracking":false,"_exactmetrics_sitenote_active":false,"_exactmetrics_sitenote_note":"","_exactmetrics_sitenote_category":0,"footnotes":""},"class_list":["post-35133","page","type-page","status-publish","hentry"],"acf":[],"_links":{"self":[{"href":"https:\/\/tourduvalat.org\/en\/wp-json\/wp\/v2\/pages\/35133","targetHints":{"allow":["GET"]}}],"collection":[{"href":"https:\/\/tourduvalat.org\/en\/wp-json\/wp\/v2\/pages"}],"about":[{"href":"https:\/\/tourduvalat.org\/en\/wp-json\/wp\/v2\/types\/page"}],"author":[{"embeddable":true,"href":"https:\/\/tourduvalat.org\/en\/wp-json\/wp\/v2\/users\/1"}],"replies":[{"embeddable":true,"href":"https:\/\/tourduvalat.org\/en\/wp-json\/wp\/v2\/comments?post=35133"}],"version-history":[{"count":2,"href":"https:\/\/tourduvalat.org\/en\/wp-json\/wp\/v2\/pages\/35133\/revisions"}],"predecessor-version":[{"id":35134,"href":"https:\/\/tourduvalat.org\/en\/wp-json\/wp\/v2\/pages\/35133\/revisions\/35134"}],"up":[{"embeddable":true,"href":"https:\/\/tourduvalat.org\/en\/wp-json\/wp\/v2\/pages\/379"}],"wp:attachment":[{"href":"https:\/\/tourduvalat.org\/en\/wp-json\/wp\/v2\/media?parent=35133"}],"curies":[{"name":"wp","href":"https:\/\/api.w.org\/{rel}","templated":true}]}}